{"id":14414,"date":"2024-12-13T13:51:37","date_gmt":"2024-12-13T13:51:37","guid":{"rendered":"https:\/\/tsargipood.ee\/?post_type=product&#038;p=14414"},"modified":"2025-06-30T11:28:08","modified_gmt":"2025-06-30T11:28:08","slug":"kiltkivist-seinakell-graz","status":"publish","type":"product","link":"https:\/\/tsargipood.ee\/en\/product\/kiltkivist-seinakell-graz\/","title":{"rendered":"Kiltkivist seinakell GRAZ"},"content":{"rendered":"<p>Elegantne kiltkivist (looduskivist) h\u00f5bedaste seieritega seinakell. See kell on pilkup\u00fc\u00fcdja \u200b\u200bigas toas! Teie logo v\u00f5i muu graafika graveeritakse kellale.<\/p>\n<p>L\u00e4bim\u00f5\u00f5t- \u00f8 25 x 3 cm<br \/>\nKaal- 0,995 kg<br \/>\nV\u00e4rvus- (03) black<\/p>","protected":false},"excerpt":{"rendered":"<p><a href=\"https:\/\/tsargipood.ee\/wp-content\/uploads\/2024\/12\/319503_a.jpg\"><img decoding=\"async\" class=\"alignleft wp-image-14412\" src=\"https:\/\/tsargipood.ee\/wp-content\/uploads\/2024\/12\/319503_a-300x300.jpg\" alt=\"KILTKIVIST SEINAKELL GRAZ\" width=\"99\" height=\"99\" srcset=\"https:\/\/tsargipood.ee\/wp-content\/uploads\/2024\/12\/319503_a-300x300.jpg 300w, https:\/\/tsargipood.ee\/wp-content\/uploads\/2024\/12\/319503_a-100x100.jpg 100w, https:\/\/tsargipood.ee\/wp-content\/uploads\/2024\/12\/319503_a-416x416.jpg 416w, https:\/\/tsargipood.ee\/wp-content\/uploads\/2024\/12\/319503_a-150x150.jpg 150w, https:\/\/tsargipood.ee\/wp-content\/uploads\/2024\/12\/319503_a.jpg 600w\" sizes=\"(max-width: 99px) 100vw, 99px\" \/><\/a><a href=\"https:\/\/tsargipood.ee\/wp-content\/uploads\/2024\/12\/319503_d.jpg\"><img decoding=\"async\" class=\"alignleft wp-image-14418\" src=\"https:\/\/tsargipood.ee\/wp-content\/uploads\/2024\/12\/319503_d-300x300.jpg\" alt=\"kiltkivist kella karp\" width=\"99\" height=\"99\" srcset=\"https:\/\/tsargipood.ee\/wp-content\/uploads\/2024\/12\/319503_d-300x300.jpg 300w, https:\/\/tsargipood.ee\/wp-content\/uploads\/2024\/12\/319503_d-100x100.jpg 100w, https:\/\/tsargipood.ee\/wp-content\/uploads\/2024\/12\/319503_d-416x416.jpg 416w, https:\/\/tsargipood.ee\/wp-content\/uploads\/2024\/12\/319503_d-150x150.jpg 150w, https:\/\/tsargipood.ee\/wp-content\/uploads\/2024\/12\/319503_d.jpg 600w\" sizes=\"(max-width: 99px) 100vw, 99px\" \/><\/a><a href=\"https:\/\/tsargipood.ee\/wp-content\/uploads\/2024\/12\/319503_c.jpg\"><img decoding=\"async\" class=\"alignleft wp-image-14417\" src=\"https:\/\/tsargipood.ee\/wp-content\/uploads\/2024\/12\/319503_c-300x300.jpg\" alt=\"kiltkivist seinakell\" width=\"99\" height=\"99\" srcset=\"https:\/\/tsargipood.ee\/wp-content\/uploads\/2024\/12\/319503_c-300x300.jpg 300w, https:\/\/tsargipood.ee\/wp-content\/uploads\/2024\/12\/319503_c-100x100.jpg 100w, https:\/\/tsargipood.ee\/wp-content\/uploads\/2024\/12\/319503_c-416x416.jpg 416w, https:\/\/tsargipood.ee\/wp-content\/uploads\/2024\/12\/319503_c-150x150.jpg 150w, https:\/\/tsargipood.ee\/wp-content\/uploads\/2024\/12\/319503_c.jpg 600w\" sizes=\"(max-width: 99px) 100vw, 99px\" \/><\/a><\/p>\n<p>&nbsp;<\/p>\n<p>&nbsp;<\/p>\n<p>&nbsp;<\/p>\n<p class=\"p1\"><b>Lasergraveeritav Kiltkivist Seinakell GRAZ<\/b><b><\/b><\/p>\n<p class=\"p1\">Elegantne ja vastupidav seinakell, mis on valmistatud naturaalsest kiltkivist. Lasergraveeringu v\u00f5imalus v\u00f5imaldab lisada personaalseid detaile, tehes kellast unikaalse ja stiilse sisekujunduselemendi. Sobib ideaalselt nii koju kui kontorisse, pakkudes minimalistlikku ja ajatut disaini.<\/p>","protected":false},"featured_media":16549,"comment_status":"closed","ping_status":"closed","template":"","meta":{"googlesitekit_rrm_CAow0ZS_DA:productID":""},"product_brand":[],"product_cat":[217,473,293],"product_tag":[467,466,468,464,470,472,465,471,469,377,463,462],"class_list":{"0":"post-14414","1":"product","2":"type-product","3":"status-publish","4":"has-post-thumbnail","6":"product_cat-disainitavad-tooted","7":"product_cat-kellad","8":"product_cat-oma-pildiga-seinaklell","9":"product_tag-ajatu-disain","10":"product_tag-elegantne-sisekujundus","11":"product_tag-kasitoo-kell","12":"product_tag-kiltkivist-seinakell","13":"product_tag-kinkidee","14":"product_tag-kontori-sisustus","15":"product_tag-lasergraveeritav-seinakell","16":"product_tag-minimalistlik-kell","17":"product_tag-naturaalsed-materjalid","18":"product_tag-stiilne-seinakell","19":"product_tag-t-sargipood","20":"product_tag-tsargipood","21":"fpd-variation-needed","23":"first","24":"outofstock","25":"taxable","26":"shipping-taxable","27":"purchasable","28":"product-type-simple"},"yoast_head":"<!-- This site is optimized with the Yoast SEO plugin v27.5 - https:\/\/yoast.com\/product\/yoast-seo-wordpress\/ -->\n<title>Kiltkivist seinakell GRAZ \u2013 Elegantne ja Lasergraveeritav Seinakell<\/title>\n<meta name=\"description\" content=\"Kiltkivist seinakell GRAZ on stiilne ja vastupidav sisekujunduselement. Lasergraveeringuga muudetav kell sobib koju, kontorisse v\u00f5i kingituseks.\" \/>\n<meta name=\"robots\" content=\"index, follow, max-snippet:-1, max-image-preview:large, max-video-preview:-1\" \/>\n<link rel=\"canonical\" href=\"https:\/\/tsargipood.ee\/en\/product\/kiltkivist-seinakell-graz\/\" \/>\n<meta property=\"og:locale\" content=\"en_GB\" \/>\n<meta property=\"og:type\" content=\"article\" \/>\n<meta property=\"og:title\" content=\"Kiltkivist seinakell GRAZ \u2013 Elegantne ja Lasergraveeritav Seinakell\" \/>\n<meta property=\"og:description\" content=\"Kiltkivist seinakell GRAZ on stiilne ja vastupidav sisekujunduselement. Lasergraveeringuga muudetav kell sobib koju, kontorisse v\u00f5i kingituseks.\" \/>\n<meta property=\"og:url\" content=\"https:\/\/tsargipood.ee\/en\/product\/kiltkivist-seinakell-graz\/\" \/>\n<meta property=\"og:site_name\" content=\"T-s\u00e4rgipood - Disaini oma T-s\u00e4rk\" \/>\n<meta property=\"article:publisher\" content=\"https:\/\/www.facebook.com\/profile.php?id=100090772812912\" \/>\n<meta property=\"article:modified_time\" content=\"2025-06-30T11:28:08+00:00\" \/>\n<meta property=\"og:image\" content=\"https:\/\/tsargipood.ee\/wp-content\/uploads\/2024\/12\/kell_kivi.jpg\" \/>\n\t<meta property=\"og:image:width\" content=\"828\" \/>\n\t<meta property=\"og:image:height\" content=\"828\" \/>\n\t<meta property=\"og:image:type\" content=\"image\/jpeg\" \/>\n<meta name=\"twitter:card\" content=\"summary_large_image\" \/>\n<meta name=\"twitter:label1\" content=\"Estimated reading time\" \/>\n\t<meta name=\"twitter:data1\" content=\"1 minute\" \/>\n<script type=\"application\/ld+json\" class=\"yoast-schema-graph\">{\"@context\":\"https:\\\/\\\/schema.org\",\"@graph\":[{\"@type\":\"WebPage\",\"@id\":\"https:\\\/\\\/tsargipood.ee\\\/product\\\/kiltkivist-seinakell-graz\\\/\",\"url\":\"https:\\\/\\\/tsargipood.ee\\\/product\\\/kiltkivist-seinakell-graz\\\/\",\"name\":\"Kiltkivist seinakell GRAZ \u2013 Elegantne ja Lasergraveeritav Seinakell\",\"isPartOf\":{\"@id\":\"https:\\\/\\\/tsargipood.ee\\\/#website\"},\"primaryImageOfPage\":{\"@id\":\"https:\\\/\\\/tsargipood.ee\\\/product\\\/kiltkivist-seinakell-graz\\\/#primaryimage\"},\"image\":{\"@id\":\"https:\\\/\\\/tsargipood.ee\\\/product\\\/kiltkivist-seinakell-graz\\\/#primaryimage\"},\"thumbnailUrl\":\"https:\\\/\\\/tsargipood.ee\\\/wp-content\\\/uploads\\\/2024\\\/12\\\/kell_kivi.jpg\",\"datePublished\":\"2024-12-13T13:51:37+00:00\",\"dateModified\":\"2025-06-30T11:28:08+00:00\",\"description\":\"Kiltkivist seinakell GRAZ on stiilne ja vastupidav sisekujunduselement. Lasergraveeringuga muudetav kell sobib koju, kontorisse v\u00f5i kingituseks.\",\"breadcrumb\":{\"@id\":\"https:\\\/\\\/tsargipood.ee\\\/product\\\/kiltkivist-seinakell-graz\\\/#breadcrumb\"},\"inLanguage\":\"en-GB\",\"potentialAction\":[{\"@type\":\"ReadAction\",\"target\":[\"https:\\\/\\\/tsargipood.ee\\\/product\\\/kiltkivist-seinakell-graz\\\/\"]}]},{\"@type\":\"ImageObject\",\"inLanguage\":\"en-GB\",\"@id\":\"https:\\\/\\\/tsargipood.ee\\\/product\\\/kiltkivist-seinakell-graz\\\/#primaryimage\",\"url\":\"https:\\\/\\\/tsargipood.ee\\\/wp-content\\\/uploads\\\/2024\\\/12\\\/kell_kivi.jpg\",\"contentUrl\":\"https:\\\/\\\/tsargipood.ee\\\/wp-content\\\/uploads\\\/2024\\\/12\\\/kell_kivi.jpg\",\"width\":828,\"height\":828},{\"@type\":\"BreadcrumbList\",\"@id\":\"https:\\\/\\\/tsargipood.ee\\\/product\\\/kiltkivist-seinakell-graz\\\/#breadcrumb\",\"itemListElement\":[{\"@type\":\"ListItem\",\"position\":1,\"name\":\"Home\",\"item\":\"https:\\\/\\\/tsargipood.ee\\\/\"},{\"@type\":\"ListItem\",\"position\":2,\"name\":\"T-s\u00e4rgipood\",\"item\":\"https:\\\/\\\/tsargipood.ee\\\/\"},{\"@type\":\"ListItem\",\"position\":3,\"name\":\"Kiltkivist seinakell GRAZ\"}]},{\"@type\":\"WebSite\",\"@id\":\"https:\\\/\\\/tsargipood.ee\\\/#website\",\"url\":\"https:\\\/\\\/tsargipood.ee\\\/\",\"name\":\"T-s\u00e4rgipood - Disaini oma T-s\u00e4rk\",\"description\":\"Kujunda oma t-s\u00e4rk\",\"publisher\":{\"@id\":\"https:\\\/\\\/tsargipood.ee\\\/#organization\"},\"alternateName\":\"T-s\u00e4rgipood\",\"potentialAction\":[{\"@type\":\"SearchAction\",\"target\":{\"@type\":\"EntryPoint\",\"urlTemplate\":\"https:\\\/\\\/tsargipood.ee\\\/?s={search_term_string}\"},\"query-input\":{\"@type\":\"PropertyValueSpecification\",\"valueRequired\":true,\"valueName\":\"search_term_string\"}}],\"inLanguage\":\"en-GB\"},{\"@type\":\"Organization\",\"@id\":\"https:\\\/\\\/tsargipood.ee\\\/#organization\",\"name\":\"T-S\u00e4rgipood\",\"alternateName\":\"Disaini oma t-s\u00e4rk\",\"url\":\"https:\\\/\\\/tsargipood.ee\\\/\",\"logo\":{\"@type\":\"ImageObject\",\"inLanguage\":\"en-GB\",\"@id\":\"https:\\\/\\\/tsargipood.ee\\\/#\\\/schema\\\/logo\\\/image\\\/\",\"url\":\"https:\\\/\\\/tsargipood.ee\\\/wp-content\\\/uploads\\\/2023\\\/06\\\/T-sargipood-logo-1.png\",\"contentUrl\":\"https:\\\/\\\/tsargipood.ee\\\/wp-content\\\/uploads\\\/2023\\\/06\\\/T-sargipood-logo-1.png\",\"width\":540,\"height\":540,\"caption\":\"T-S\u00e4rgipood\"},\"image\":{\"@id\":\"https:\\\/\\\/tsargipood.ee\\\/#\\\/schema\\\/logo\\\/image\\\/\"},\"sameAs\":[\"https:\\\/\\\/www.facebook.com\\\/profile.php?id=100090772812912\",\"https:\\\/\\\/www.instagram.com\\\/tsargipood\\\/\"]}]}<\/script>\n<!-- \/ Yoast SEO plugin. -->","yoast_head_json":{"title":"Kiltkivist seinakell GRAZ \u2013 Elegantne ja Lasergraveeritav Seinakell","description":"Kiltkivist seinakell GRAZ on stiilne ja vastupidav sisekujunduselement. Lasergraveeringuga muudetav kell sobib koju, kontorisse v\u00f5i kingituseks.","robots":{"index":"index","follow":"follow","max-snippet":"max-snippet:-1","max-image-preview":"max-image-preview:large","max-video-preview":"max-video-preview:-1"},"canonical":"https:\/\/tsargipood.ee\/en\/product\/kiltkivist-seinakell-graz\/","og_locale":"en_GB","og_type":"article","og_title":"Kiltkivist seinakell GRAZ \u2013 Elegantne ja Lasergraveeritav Seinakell","og_description":"Kiltkivist seinakell GRAZ on stiilne ja vastupidav sisekujunduselement. Lasergraveeringuga muudetav kell sobib koju, kontorisse v\u00f5i kingituseks.","og_url":"https:\/\/tsargipood.ee\/en\/product\/kiltkivist-seinakell-graz\/","og_site_name":"T-s\u00e4rgipood - Disaini oma T-s\u00e4rk","article_publisher":"https:\/\/www.facebook.com\/profile.php?id=100090772812912","article_modified_time":"2025-06-30T11:28:08+00:00","og_image":[{"width":828,"height":828,"url":"https:\/\/tsargipood.ee\/wp-content\/uploads\/2024\/12\/kell_kivi.jpg","type":"image\/jpeg"}],"twitter_card":"summary_large_image","twitter_misc":{"Estimated reading time":"1 minute"},"schema":{"@context":"https:\/\/schema.org","@graph":[{"@type":"WebPage","@id":"https:\/\/tsargipood.ee\/product\/kiltkivist-seinakell-graz\/","url":"https:\/\/tsargipood.ee\/product\/kiltkivist-seinakell-graz\/","name":"Kiltkivist seinakell GRAZ \u2013 Elegantne ja Lasergraveeritav Seinakell","isPartOf":{"@id":"https:\/\/tsargipood.ee\/#website"},"primaryImageOfPage":{"@id":"https:\/\/tsargipood.ee\/product\/kiltkivist-seinakell-graz\/#primaryimage"},"image":{"@id":"https:\/\/tsargipood.ee\/product\/kiltkivist-seinakell-graz\/#primaryimage"},"thumbnailUrl":"https:\/\/tsargipood.ee\/wp-content\/uploads\/2024\/12\/kell_kivi.jpg","datePublished":"2024-12-13T13:51:37+00:00","dateModified":"2025-06-30T11:28:08+00:00","description":"Kiltkivist seinakell GRAZ on stiilne ja vastupidav sisekujunduselement. Lasergraveeringuga muudetav kell sobib koju, kontorisse v\u00f5i kingituseks.","breadcrumb":{"@id":"https:\/\/tsargipood.ee\/product\/kiltkivist-seinakell-graz\/#breadcrumb"},"inLanguage":"en-GB","potentialAction":[{"@type":"ReadAction","target":["https:\/\/tsargipood.ee\/product\/kiltkivist-seinakell-graz\/"]}]},{"@type":"ImageObject","inLanguage":"en-GB","@id":"https:\/\/tsargipood.ee\/product\/kiltkivist-seinakell-graz\/#primaryimage","url":"https:\/\/tsargipood.ee\/wp-content\/uploads\/2024\/12\/kell_kivi.jpg","contentUrl":"https:\/\/tsargipood.ee\/wp-content\/uploads\/2024\/12\/kell_kivi.jpg","width":828,"height":828},{"@type":"BreadcrumbList","@id":"https:\/\/tsargipood.ee\/product\/kiltkivist-seinakell-graz\/#breadcrumb","itemListElement":[{"@type":"ListItem","position":1,"name":"Home","item":"https:\/\/tsargipood.ee\/"},{"@type":"ListItem","position":2,"name":"T-s\u00e4rgipood","item":"https:\/\/tsargipood.ee\/"},{"@type":"ListItem","position":3,"name":"Kiltkivist seinakell GRAZ"}]},{"@type":"WebSite","@id":"https:\/\/tsargipood.ee\/#website","url":"https:\/\/tsargipood.ee\/","name":"T-shirt shop - Design your own T-shirt","description":"Design your own t-shirt","publisher":{"@id":"https:\/\/tsargipood.ee\/#organization"},"alternateName":"T-s\u00e4rgipood","potentialAction":[{"@type":"SearchAction","target":{"@type":"EntryPoint","urlTemplate":"https:\/\/tsargipood.ee\/?s={search_term_string}"},"query-input":{"@type":"PropertyValueSpecification","valueRequired":true,"valueName":"search_term_string"}}],"inLanguage":"en-GB"},{"@type":"Organization","@id":"https:\/\/tsargipood.ee\/#organization","name":"T-S\u00e4rgipood","alternateName":"Disaini oma t-s\u00e4rk","url":"https:\/\/tsargipood.ee\/","logo":{"@type":"ImageObject","inLanguage":"en-GB","@id":"https:\/\/tsargipood.ee\/#\/schema\/logo\/image\/","url":"https:\/\/tsargipood.ee\/wp-content\/uploads\/2023\/06\/T-sargipood-logo-1.png","contentUrl":"https:\/\/tsargipood.ee\/wp-content\/uploads\/2023\/06\/T-sargipood-logo-1.png","width":540,"height":540,"caption":"T-S\u00e4rgipood"},"image":{"@id":"https:\/\/tsargipood.ee\/#\/schema\/logo\/image\/"},"sameAs":["https:\/\/www.facebook.com\/profile.php?id=100090772812912","https:\/\/www.instagram.com\/tsargipood\/"]}]}},"_links":{"self":[{"href":"https:\/\/tsargipood.ee\/en\/wp-json\/wp\/v2\/product\/14414","targetHints":{"allow":["GET"]}}],"collection":[{"href":"https:\/\/tsargipood.ee\/en\/wp-json\/wp\/v2\/product"}],"about":[{"href":"https:\/\/tsargipood.ee\/en\/wp-json\/wp\/v2\/types\/product"}],"replies":[{"embeddable":true,"href":"https:\/\/tsargipood.ee\/en\/wp-json\/wp\/v2\/comments?post=14414"}],"version-history":[{"count":0,"href":"https:\/\/tsargipood.ee\/en\/wp-json\/wp\/v2\/product\/14414\/revisions"}],"wp:featuredmedia":[{"embeddable":true,"href":"https:\/\/tsargipood.ee\/en\/wp-json\/wp\/v2\/media\/16549"}],"wp:attachment":[{"href":"https:\/\/tsargipood.ee\/en\/wp-json\/wp\/v2\/media?parent=14414"}],"wp:term":[{"taxonomy":"product_brand","embeddable":true,"href":"https:\/\/tsargipood.ee\/en\/wp-json\/wp\/v2\/product_brand?post=14414"},{"taxonomy":"product_cat","embeddable":true,"href":"https:\/\/tsargipood.ee\/en\/wp-json\/wp\/v2\/product_cat?post=14414"},{"taxonomy":"product_tag","embeddable":true,"href":"https:\/\/tsargipood.ee\/en\/wp-json\/wp\/v2\/product_tag?post=14414"}],"curies":[{"name":"wp","href":"https:\/\/api.w.org\/{rel}","templated":true}]}}